{"id":762,"date":"2022-03-08T21:47:00","date_gmt":"2022-03-08T20:47:00","guid":{"rendered":"https:\/\/finotextextile.com\/tejidos-para-mascaras-y-baberos\/"},"modified":"2022-03-17T10:42:59","modified_gmt":"2022-03-17T09:42:59","slug":"tejidos-para-mascaras-y-baberos","status":"publish","type":"page","link":"https:\/\/finotextextile.com\/es\/tejidos-para-mascaras-y-baberos\/","title":{"rendered":"Tejidos para m\u00e1scaras y baberos"},"content":{"rendered":"\t\t<div data-elementor-type=\"wp-page\" data-elementor-id=\"762\" class=\"elementor elementor-762\" data-elementor-post-type=\"page\">\n\t\t\t\t\t\t<section class=\"elementor-section elementor-top-section elementor-element elementor-element-5136408 elementor-section-boxed elementor-section-height-default elementor-section-height-default\" data-id=\"5136408\" data-element_type=\"section\">\n\t\t\t\t\t\t<div class=\"elementor-container elementor-column-gap-default\">\n\t\t\t\t\t<div class=\"elementor-column elementor-col-100 elementor-top-column elementor-element elementor-element-5f63c4f\" data-id=\"5f63c4f\" data-element_type=\"column\">\n\t\t\t<div class=\"elementor-widget-wrap elementor-element-populated\">\n\t\t\t\t\t\t<div class=\"elementor-element elementor-element-06e8641 elementor-widget elementor-widget-heading\" data-id=\"06e8641\" data-element_type=\"widget\" data-widget_type=\"heading.default\">\n\t\t\t\t<div class=\"elementor-widget-container\">\n\t\t\t<h2 class=\"elementor-heading-title elementor-size-default\">Fabricaci\u00f3n de tejidos para la producci\u00f3n de m\u00e1scaras y petos<\/h2>\t\t<\/div>\n\t\t\t\t<\/div>\n\t\t\t\t<div class=\"elementor-element elementor-element-b01587d elementor-widget elementor-widget-text-editor\" data-id=\"b01587d\" data-element_type=\"widget\" data-widget_type=\"text-editor.default\">\n\t\t\t\t<div class=\"elementor-widget-container\">\n\t\t\t\t\t\t\tA medida que se acerca la descontaminaci\u00f3n, la ya obligatoria mascarilla se hace imprescindible para protegernos del virus y mantenernos alejados de los microbios debido a los esputos, part\u00edculas, etc.\t\t\t\t\t\t<\/div>\n\t\t\t\t<\/div>\n\t\t\t\t\t<\/div>\n\t\t<\/div>\n\t\t\t\t\t<\/div>\n\t\t<\/section>\n\t\t\t\t<section class=\"elementor-section elementor-top-section elementor-element elementor-element-a452775 elementor-section-boxed elementor-section-height-default elementor-section-height-default\" data-id=\"a452775\" data-element_type=\"section\">\n\t\t\t\t\t\t<div class=\"elementor-container elementor-column-gap-default\">\n\t\t\t\t\t<div class=\"elementor-column elementor-col-50 elementor-top-column elementor-element elementor-element-2cd45a8\" data-id=\"2cd45a8\" data-element_type=\"column\">\n\t\t\t<div class=\"elementor-widget-wrap elementor-element-populated\">\n\t\t\t\t\t\t<div class=\"elementor-element elementor-element-baab146 elementor-widget elementor-widget-gallery\" data-id=\"baab146\" data-element_type=\"widget\" data-settings=\"{&quot;columns&quot;:1,&quot;columns_tablet&quot;:1,&quot;aspect_ratio&quot;:&quot;1:1&quot;,&quot;image_hover_animation&quot;:&quot;grow&quot;,&quot;lazyload&quot;:&quot;yes&quot;,&quot;gallery_layout&quot;:&quot;grid&quot;,&quot;columns_mobile&quot;:1,&quot;gap&quot;:{&quot;unit&quot;:&quot;px&quot;,&quot;size&quot;:10,&quot;sizes&quot;:[]},&quot;gap_tablet&quot;:{&quot;unit&quot;:&quot;px&quot;,&quot;size&quot;:10,&quot;sizes&quot;:[]},&quot;gap_mobile&quot;:{&quot;unit&quot;:&quot;px&quot;,&quot;size&quot;:10,&quot;sizes&quot;:[]},&quot;link_to&quot;:&quot;file&quot;,&quot;content_hover_animation&quot;:&quot;fade-in&quot;}\" data-widget_type=\"gallery.default\">\n\t\t\t\t<div class=\"elementor-widget-container\">\n\t\t\t\t\t<div class=\"elementor-gallery__container\">\n\t\t\t\t\t\t\t<a class=\"e-gallery-item elementor-gallery-item elementor-animated-content\" href=\"https:\/\/finotextextile.com\/wp-content\/uploads\/2022\/03\/masques.jpg\" data-elementor-open-lightbox=\"yes\" data-elementor-lightbox-slideshow=\"baab146\" data-elementor-lightbox-title=\"masques\" data-e-action-hash=\"#elementor-action%3Aaction%3Dlightbox%26settings%3DeyJpZCI6NTk2LCJ1cmwiOiJodHRwczpcL1wvZmlub3RleHRleHRpbGUuY29tXC93cC1jb250ZW50XC91cGxvYWRzXC8yMDIyXC8wM1wvbWFzcXVlcy5qcGciLCJzbGlkZXNob3ciOiJiYWFiMTQ2In0%3D\">\n\t\t\t\t\t<div class=\"e-gallery-image elementor-gallery-item__image\" data-thumbnail=\"https:\/\/finotextextile.com\/wp-content\/uploads\/2022\/03\/masques.jpg\" data-width=\"800\" data-height=\"600\" aria-label=\"\" role=\"img\" ><\/div>\n\t\t\t\t\t\t\t\t\t\t\t\t\t\t<\/a>\n\t\t\t\t\t<\/div>\n\t\t\t<\/div>\n\t\t\t\t<\/div>\n\t\t\t\t\t<\/div>\n\t\t<\/div>\n\t\t\t\t<div class=\"elementor-column elementor-col-50 elementor-top-column elementor-element elementor-element-64c3c3e\" data-id=\"64c3c3e\" data-element_type=\"column\">\n\t\t\t<div class=\"elementor-widget-wrap elementor-element-populated\">\n\t\t\t\t\t\t<div class=\"elementor-element elementor-element-cd2bd02 elementor-widget elementor-widget-heading\" data-id=\"cd2bd02\" data-element_type=\"widget\" data-widget_type=\"heading.default\">\n\t\t\t\t<div class=\"elementor-widget-container\">\n\t\t\t<h3 class=\"elementor-heading-title elementor-size-default\">Una gama de tejidos para m\u00e1scaras y baberos<\/h3>\t\t<\/div>\n\t\t\t\t<\/div>\n\t\t\t\t<div class=\"elementor-element elementor-element-f50c52b elementor-widget elementor-widget-text-editor\" data-id=\"f50c52b\" data-element_type=\"widget\" data-widget_type=\"text-editor.default\">\n\t\t\t\t<div class=\"elementor-widget-container\">\n\t\t\t\t\t\t\tPor eso, en el contexto de esta crisis sanitaria mundial, la f\u00e1brica textil Finotex se ha adaptado y ahora dise\u00f1a tejidos para la producci\u00f3n de mascarillas y baberos COVID-19. Las mascarillas crean una barrera f\u00edsica y le protegen de los g\u00e9rmenes. No es aconsejable tocar la m\u00e1scara con las manos durante su uso y se recomienda lavarla cada 3 horas. El tejido se fabrica en nuestra f\u00e1brica de T\u00e1nger de acuerdo con las normas sanitarias vigentes.\t\t\t\t\t\t<\/div>\n\t\t\t\t<\/div>\n\t\t\t\t\t<\/div>\n\t\t<\/div>\n\t\t\t\t\t<\/div>\n\t\t<\/section>\n\t\t\t\t<section class=\"elementor-section elementor-top-section elementor-element elementor-element-86cc6da elementor-section-full_width elementor-section-height-min-height elementor-section-height-default elementor-section-items-middle\" data-id=\"86cc6da\" data-element_type=\"section\" data-settings=\"{&quot;background_background&quot;:&quot;classic&quot;}\">\n\t\t\t\t\t\t\t<div class=\"elementor-background-overlay\"><\/div>\n\t\t\t\t\t\t\t<div class=\"elementor-container elementor-column-gap-default\">\n\t\t\t\t\t<div class=\"elementor-column elementor-col-100 elementor-top-column elementor-element elementor-element-daf6ab4\" data-id=\"daf6ab4\" data-element_type=\"column\">\n\t\t\t<div class=\"elementor-widget-wrap elementor-element-populated\">\n\t\t\t\t\t\t<div class=\"elementor-element elementor-element-93adfb9 elementor-widget elementor-widget-heading\" data-id=\"93adfb9\" data-element_type=\"widget\" data-widget_type=\"heading.default\">\n\t\t\t\t<div class=\"elementor-widget-container\">\n\t\t\t<h3 class=\"elementor-heading-title elementor-size-default\">\u00bfSolicitar un presupuesto a nuestra f\u00e1brica de tejidos?<\/h3>\t\t<\/div>\n\t\t\t\t<\/div>\n\t\t\t\t<div class=\"elementor-element elementor-element-e213f75 elementor-widget elementor-widget-text-editor\" data-id=\"e213f75\" data-element_type=\"widget\" data-widget_type=\"text-editor.default\">\n\t\t\t\t<div class=\"elementor-widget-container\">\n\t\t\t\t\t\t\tEl equipo de Finotex est\u00e1 a su disposici\u00f3n.\t\t\t\t\t\t<\/div>\n\t\t\t\t<\/div>\n\t\t\t\t<div class=\"elementor-element elementor-element-f9e3911 elementor-align-center elementor-widget elementor-widget-button\" data-id=\"f9e3911\" data-element_type=\"widget\" data-widget_type=\"button.default\">\n\t\t\t\t<div class=\"elementor-widget-container\">\n\t\t\t\t\t\t\t<div class=\"elementor-button-wrapper\">\n\t\t\t\t\t<a class=\"elementor-button elementor-button-link elementor-size-sm\" href=\"https:\/\/finotextextile.com\/es\/contacto\/\">\n\t\t\t\t\t\t<span class=\"elementor-button-content-wrapper\">\n\t\t\t\t\t\t\t\t\t<span class=\"elementor-button-text\">Contacto<\/span>\n\t\t\t\t\t<\/span>\n\t\t\t\t\t<\/a>\n\t\t\t\t<\/div>\n\t\t\t\t\t\t<\/div>\n\t\t\t\t<\/div>\n\t\t\t\t\t<\/div>\n\t\t<\/div>\n\t\t\t\t\t<\/div>\n\t\t<\/section>\n\t\t\t\t<\/div>\n\t\t","protected":false},"excerpt":{"rendered":"<p>Fabricaci\u00f3n de tejidos para la producci\u00f3n de m\u00e1scaras y petos A medida que se acerca la descontaminaci\u00f3n, la ya obligatoria mascarilla se hace imprescindible para protegernos del virus y mantenernos alejados de los microbios debido a los esputos, part\u00edculas, etc. Una gama de tejidos para m\u00e1scaras y baberos Por eso, en el contexto de esta [&hellip;]<\/p>\n","protected":false},"author":1,"featured_media":405,"parent":0,"menu_order":0,"comment_status":"closed","ping_status":"closed","template":"","meta":{"footnotes":""},"class_list":["post-762","page","type-page","status-publish","has-post-thumbnail","hentry"],"yoast_head":"<!-- This site is optimized with the Yoast SEO plugin v27.4 - https:\/\/yoast.com\/product\/yoast-seo-wordpress\/ -->\n<title>Tejidos para m\u00e1scaras y baberos - Finotex textile<\/title>\n<meta name=\"robots\" content=\"index, follow, max-snippet:-1, max-image-preview:large, max-video-preview:-1\" \/>\n<link rel=\"canonical\" href=\"https:\/\/finotextextile.com\/tissus-masques\/\" \/>\n<meta property=\"og:locale\" content=\"es_ES\" \/>\n<meta property=\"og:type\" content=\"article\" \/>\n<meta property=\"og:title\" content=\"Tejidos para m\u00e1scaras y baberos - Finotex textile\" \/>\n<meta property=\"og:description\" content=\"Fabricaci\u00f3n de tejidos para la producci\u00f3n de m\u00e1scaras y petos A medida que se acerca la descontaminaci\u00f3n, la ya obligatoria mascarilla se hace imprescindible para protegernos del virus y mantenernos alejados de los microbios debido a los esputos, part\u00edculas, etc. Una gama de tejidos para m\u00e1scaras y baberos Por eso, en el contexto de esta [&hellip;]\" \/>\n<meta property=\"og:url\" content=\"https:\/\/finotextextile.com\/tissus-masques\/\" \/>\n<meta property=\"og:site_name\" content=\"Finotex textile\" \/>\n<meta property=\"article:modified_time\" content=\"2022-03-17T09:42:59+00:00\" \/>\n<meta property=\"og:image\" content=\"https:\/\/finotextextile.com\/wp-content\/uploads\/2022\/02\/mask-4991808_1920.jpeg\" \/>\n\t<meta property=\"og:image:width\" content=\"1920\" \/>\n\t<meta property=\"og:image:height\" content=\"1280\" \/>\n\t<meta property=\"og:image:type\" content=\"image\/jpeg\" \/>\n<meta name=\"twitter:card\" content=\"summary_large_image\" \/>\n<meta name=\"twitter:label1\" content=\"Tiempo de lectura\" \/>\n\t<meta name=\"twitter:data1\" content=\"1 minuto\" \/>\n<script type=\"application\/ld+json\" class=\"yoast-schema-graph\">{\"@context\":\"https:\\\/\\\/schema.org\",\"@graph\":[{\"@type\":\"WebPage\",\"@id\":\"https:\\\/\\\/finotextextile.com\\\/tissus-masques\\\/\",\"url\":\"https:\\\/\\\/finotextextile.com\\\/tissus-masques\\\/\",\"name\":\"Tejidos para m\u00e1scaras y baberos - Finotex textile\",\"isPartOf\":{\"@id\":\"https:\\\/\\\/finotextextile.com\\\/#website\"},\"primaryImageOfPage\":{\"@id\":\"https:\\\/\\\/finotextextile.com\\\/tissus-masques\\\/#primaryimage\"},\"image\":{\"@id\":\"https:\\\/\\\/finotextextile.com\\\/tissus-masques\\\/#primaryimage\"},\"thumbnailUrl\":\"https:\\\/\\\/finotextextile.com\\\/wp-content\\\/uploads\\\/2022\\\/02\\\/mask-4991808_1920.jpeg\",\"datePublished\":\"2022-03-08T20:47:00+00:00\",\"dateModified\":\"2022-03-17T09:42:59+00:00\",\"breadcrumb\":{\"@id\":\"https:\\\/\\\/finotextextile.com\\\/tissus-masques\\\/#breadcrumb\"},\"inLanguage\":\"es\",\"potentialAction\":[{\"@type\":\"ReadAction\",\"target\":[\"https:\\\/\\\/finotextextile.com\\\/tissus-masques\\\/\"]}]},{\"@type\":\"ImageObject\",\"inLanguage\":\"es\",\"@id\":\"https:\\\/\\\/finotextextile.com\\\/tissus-masques\\\/#primaryimage\",\"url\":\"https:\\\/\\\/finotextextile.com\\\/wp-content\\\/uploads\\\/2022\\\/02\\\/mask-4991808_1920.jpeg\",\"contentUrl\":\"https:\\\/\\\/finotextextile.com\\\/wp-content\\\/uploads\\\/2022\\\/02\\\/mask-4991808_1920.jpeg\",\"width\":1920,\"height\":1280,\"caption\":\"mask\"},{\"@type\":\"BreadcrumbList\",\"@id\":\"https:\\\/\\\/finotextextile.com\\\/tissus-masques\\\/#breadcrumb\",\"itemListElement\":[{\"@type\":\"ListItem\",\"position\":1,\"name\":\"Accueil\",\"item\":\"https:\\\/\\\/finotextextile.com\\\/\"},{\"@type\":\"ListItem\",\"position\":2,\"name\":\"Tejidos para m\u00e1scaras y baberos\"}]},{\"@type\":\"WebSite\",\"@id\":\"https:\\\/\\\/finotextextile.com\\\/#website\",\"url\":\"https:\\\/\\\/finotextextile.com\\\/\",\"name\":\"Finotex textile\",\"description\":\"Tissus synth\u00e9tiques Maroc - Usine de fabrication textile - Tissus techniques\",\"publisher\":{\"@id\":\"https:\\\/\\\/finotextextile.com\\\/#organization\"},\"potentialAction\":[{\"@type\":\"SearchAction\",\"target\":{\"@type\":\"EntryPoint\",\"urlTemplate\":\"https:\\\/\\\/finotextextile.com\\\/?s={search_term_string}\"},\"query-input\":{\"@type\":\"PropertyValueSpecification\",\"valueRequired\":true,\"valueName\":\"search_term_string\"}}],\"inLanguage\":\"es\"},{\"@type\":\"Organization\",\"@id\":\"https:\\\/\\\/finotextextile.com\\\/#organization\",\"name\":\"Finotex textile\",\"url\":\"https:\\\/\\\/finotextextile.com\\\/\",\"logo\":{\"@type\":\"ImageObject\",\"inLanguage\":\"es\",\"@id\":\"https:\\\/\\\/finotextextile.com\\\/#\\\/schema\\\/logo\\\/image\\\/\",\"url\":\"https:\\\/\\\/finotextextile.com\\\/wp-content\\\/uploads\\\/2022\\\/02\\\/Logo_Finotex.png\",\"contentUrl\":\"https:\\\/\\\/finotextextile.com\\\/wp-content\\\/uploads\\\/2022\\\/02\\\/Logo_Finotex.png\",\"width\":500,\"height\":246,\"caption\":\"Finotex textile\"},\"image\":{\"@id\":\"https:\\\/\\\/finotextextile.com\\\/#\\\/schema\\\/logo\\\/image\\\/\"}}]}<\/script>\n<!-- \/ Yoast SEO plugin. -->","yoast_head_json":{"title":"Tejidos para m\u00e1scaras y baberos - Finotex textile","robots":{"index":"index","follow":"follow","max-snippet":"max-snippet:-1","max-image-preview":"max-image-preview:large","max-video-preview":"max-video-preview:-1"},"canonical":"https:\/\/finotextextile.com\/tissus-masques\/","og_locale":"es_ES","og_type":"article","og_title":"Tejidos para m\u00e1scaras y baberos - Finotex textile","og_description":"Fabricaci\u00f3n de tejidos para la producci\u00f3n de m\u00e1scaras y petos A medida que se acerca la descontaminaci\u00f3n, la ya obligatoria mascarilla se hace imprescindible para protegernos del virus y mantenernos alejados de los microbios debido a los esputos, part\u00edculas, etc. Una gama de tejidos para m\u00e1scaras y baberos Por eso, en el contexto de esta [&hellip;]","og_url":"https:\/\/finotextextile.com\/tissus-masques\/","og_site_name":"Finotex textile","article_modified_time":"2022-03-17T09:42:59+00:00","og_image":[{"width":1920,"height":1280,"url":"https:\/\/finotextextile.com\/wp-content\/uploads\/2022\/02\/mask-4991808_1920.jpeg","type":"image\/jpeg"}],"twitter_card":"summary_large_image","twitter_misc":{"Tiempo de lectura":"1 minuto"},"schema":{"@context":"https:\/\/schema.org","@graph":[{"@type":"WebPage","@id":"https:\/\/finotextextile.com\/tissus-masques\/","url":"https:\/\/finotextextile.com\/tissus-masques\/","name":"Tejidos para m\u00e1scaras y baberos - Finotex textile","isPartOf":{"@id":"https:\/\/finotextextile.com\/#website"},"primaryImageOfPage":{"@id":"https:\/\/finotextextile.com\/tissus-masques\/#primaryimage"},"image":{"@id":"https:\/\/finotextextile.com\/tissus-masques\/#primaryimage"},"thumbnailUrl":"https:\/\/finotextextile.com\/wp-content\/uploads\/2022\/02\/mask-4991808_1920.jpeg","datePublished":"2022-03-08T20:47:00+00:00","dateModified":"2022-03-17T09:42:59+00:00","breadcrumb":{"@id":"https:\/\/finotextextile.com\/tissus-masques\/#breadcrumb"},"inLanguage":"es","potentialAction":[{"@type":"ReadAction","target":["https:\/\/finotextextile.com\/tissus-masques\/"]}]},{"@type":"ImageObject","inLanguage":"es","@id":"https:\/\/finotextextile.com\/tissus-masques\/#primaryimage","url":"https:\/\/finotextextile.com\/wp-content\/uploads\/2022\/02\/mask-4991808_1920.jpeg","contentUrl":"https:\/\/finotextextile.com\/wp-content\/uploads\/2022\/02\/mask-4991808_1920.jpeg","width":1920,"height":1280,"caption":"mask"},{"@type":"BreadcrumbList","@id":"https:\/\/finotextextile.com\/tissus-masques\/#breadcrumb","itemListElement":[{"@type":"ListItem","position":1,"name":"Accueil","item":"https:\/\/finotextextile.com\/"},{"@type":"ListItem","position":2,"name":"Tejidos para m\u00e1scaras y baberos"}]},{"@type":"WebSite","@id":"https:\/\/finotextextile.com\/#website","url":"https:\/\/finotextextile.com\/","name":"Finotex textile","description":"Tissus synth\u00e9tiques Maroc - Usine de fabrication textile - Tissus techniques","publisher":{"@id":"https:\/\/finotextextile.com\/#organization"},"potentialAction":[{"@type":"SearchAction","target":{"@type":"EntryPoint","urlTemplate":"https:\/\/finotextextile.com\/?s={search_term_string}"},"query-input":{"@type":"PropertyValueSpecification","valueRequired":true,"valueName":"search_term_string"}}],"inLanguage":"es"},{"@type":"Organization","@id":"https:\/\/finotextextile.com\/#organization","name":"Finotex textile","url":"https:\/\/finotextextile.com\/","logo":{"@type":"ImageObject","inLanguage":"es","@id":"https:\/\/finotextextile.com\/#\/schema\/logo\/image\/","url":"https:\/\/finotextextile.com\/wp-content\/uploads\/2022\/02\/Logo_Finotex.png","contentUrl":"https:\/\/finotextextile.com\/wp-content\/uploads\/2022\/02\/Logo_Finotex.png","width":500,"height":246,"caption":"Finotex textile"},"image":{"@id":"https:\/\/finotextextile.com\/#\/schema\/logo\/image\/"}}]}},"_links":{"self":[{"href":"https:\/\/finotextextile.com\/es\/wp-json\/wp\/v2\/pages\/762","targetHints":{"allow":["GET"]}}],"collection":[{"href":"https:\/\/finotextextile.com\/es\/wp-json\/wp\/v2\/pages"}],"about":[{"href":"https:\/\/finotextextile.com\/es\/wp-json\/wp\/v2\/types\/page"}],"author":[{"embeddable":true,"href":"https:\/\/finotextextile.com\/es\/wp-json\/wp\/v2\/users\/1"}],"replies":[{"embeddable":true,"href":"https:\/\/finotextextile.com\/es\/wp-json\/wp\/v2\/comments?post=762"}],"version-history":[{"count":3,"href":"https:\/\/finotextextile.com\/es\/wp-json\/wp\/v2\/pages\/762\/revisions"}],"predecessor-version":[{"id":1067,"href":"https:\/\/finotextextile.com\/es\/wp-json\/wp\/v2\/pages\/762\/revisions\/1067"}],"wp:featuredmedia":[{"embeddable":true,"href":"https:\/\/finotextextile.com\/es\/wp-json\/wp\/v2\/media\/405"}],"wp:attachment":[{"href":"https:\/\/finotextextile.com\/es\/wp-json\/wp\/v2\/media?parent=762"}],"curies":[{"name":"wp","href":"https:\/\/api.w.org\/{rel}","templated":true}]}}